{"version":"1.0","provider_name":"Pedro Gand\u00eda","provider_url":"https:\/\/www.pedro-gandia.com\/en\/","author_name":"Pedro Gand\u00eda","author_url":"https:\/\/www.pedro-gandia.com\/en\/author\/pedro\/","title":"BAJO V\u00c9SPERO DE AMADOR PALACIOS - Pedro Gand\u00eda","type":"rich","width":600,"height":338,"html":"<blockquote class=\"wp-embedded-content\" data-secret=\"Q1p2NP4BoP\"><a href=\"https:\/\/www.pedro-gandia.com\/en\/bajo-vespero-de-amador-palacios\/\">BAJO V\u00c9SPERO DE AMADOR PALACIOS<\/a><\/blockquote><iframe sandbox=\"allow-scripts\" security=\"restricted\" src=\"https:\/\/www.pedro-gandia.com\/en\/bajo-vespero-de-amador-palacios\/embed\/#?secret=Q1p2NP4BoP\" width=\"600\" height=\"338\" title=\"&#8220;BAJO V\u00c9SPERO DE AMADOR PALACIOS&#8221; &#8212; Pedro Gand\u00eda\" data-secret=\"Q1p2NP4BoP\" frameborder=\"0\" marginwidth=\"0\" marginheight=\"0\" scrolling=\"no\" class=\"wp-embedded-content\"><\/iframe><script type=\"text\/javascript\">\n\/* <![CDATA[ *\/\n\/*! This file is auto-generated *\/\n!function(d,l){\"use strict\";l.querySelector&&d.addEventListener&&\"undefined\"!=typeof URL&&(d.wp=d.wp||{},d.wp.receiveEmbedMessage||(d.wp.receiveEmbedMessage=function(e){var t=e.data;if((t||t.secret||t.message||t.value)&&!\/[^a-zA-Z0-9]\/.test(t.secret)){for(var s,r,n,a=l.querySelectorAll('iframe[data-secret=\"'+t.secret+'\"]'),o=l.querySelectorAll('blockquote[data-secret=\"'+t.secret+'\"]'),c=new RegExp(\"^https?:$\",\"i\"),i=0;i<o.length;i++)o[i].style.display=\"none\";for(i=0;i<a.length;i++)s=a[i],e.source===s.contentWindow&&(s.removeAttribute(\"style\"),\"height\"===t.message?(1e3<(r=parseInt(t.value,10))?r=1e3:~~r<200&&(r=200),s.height=r):\"link\"===t.message&&(r=new URL(s.getAttribute(\"src\")),n=new URL(t.value),c.test(n.protocol))&&n.host===r.host&&l.activeElement===s&&(d.top.location.href=t.value))}},d.addEventListener(\"message\",d.wp.receiveEmbedMessage,!1),l.addEventListener(\"DOMContentLoaded\",function(){for(var e,t,s=l.querySelectorAll(\"iframe.wp-embedded-content\"),r=0;r<s.length;r++)(t=(e=s[r]).getAttribute(\"data-secret\"))||(t=Math.random().toString(36).substring(2,12),e.src+=\"#?secret=\"+t,e.setAttribute(\"data-secret\",t)),e.contentWindow.postMessage({message:\"ready\",secret:t},\"*\")},!1)))}(window,document);\n\/\/# sourceURL=https:\/\/www.pedro-gandia.com\/wp-includes\/js\/wp-embed.min.js\n\/* ]]> *\/\n<\/script>\n","description":"Un esp\u00edritu fluye como el agua entre los escollos de la existencia. Esp\u00edritu de gran intuici\u00f3n, innata curiosidad y mentalidad positiva; personificaci\u00f3n del entusiasmo idealista, del optimismo como una forma de fe ciega. No esp\u00edritu so\u00f1ador: sus sue\u00f1os \u2014pr\u00e1cticos, pintados con v\u00edvida y desatada imaginaci\u00f3n\u2014 est\u00e1n sometidos al escrutinio de la l\u00f3gica implacable y la curiosidad compulsiva. Con una amplia visi\u00f3n de la realidad y comprensi\u00f3n de la vida, dirige su mirada m\u00e1s all\u00e1 de la apariencia externa, en busca de un valor m\u00e1s aut\u00e9ntico e intr\u00ednseco. De pensamiento claro y sistem\u00e1tico, progresista, inconformista, moderno, celebra lo nuevo; persigue, en definitiva, la felicidad, la libertad en su apasionado amor por la vida y su deseo de una existencia perfecta. Se trata del yo l\u00edrico, que alguna vez se desdobla en un \u201c\u00e9l\u201d, de los poemas, en prosa, de\u00a0Bajo V\u00e9spero, \u00faltima entrega de Amador Palacios (Albacete, 1954), autor con m\u00e1s de veinte libros publicados, entre poes\u00eda, ensayo y traducci\u00f3n, becado en repetidas ocasiones por la Fundaci\u00f3n Calouste Gulbenkian de Lisboa as\u00ed como por la Fundaci\u00f3n Olifante de Zaragoza, tambi\u00e9n bi\u00f3grafo de Gabino-Alejandro Carriedo, miembro del consejo asesor de la Fundaci\u00f3n Carlos Edmundo de Ory de C\u00e1diz y acad\u00e9mico correspondiente de la Real Academia Conquense de Artes y Letras (Racal)."}